{"id":75,"date":"2020-11-11T21:40:56","date_gmt":"2020-11-11T20:40:56","guid":{"rendered":"https:\/\/zimmerei-ebert.de\/?page_id=75"},"modified":"2023-09-20T18:43:39","modified_gmt":"2023-09-20T17:43:39","slug":"leistungen","status":"publish","type":"page","link":"https:\/\/zimmerei-ebert.de\/?page_id=75","title":{"rendered":"Leistungen"},"content":{"rendered":"\n<ul class=\"wp-block-list\">\n<li>Traditionelle Zimmerei<\/li>\n\n\n\n<li>Moderner Holzbau<\/li>\n\n\n\n<li>Dachsanierungen<\/li>\n\n\n\n<li>Asbestsanierungen<\/li>\n\n\n\n<li>Carports nach Ma\u00df<\/li>\n\n\n\n<li>Pergola<\/li>\n\n\n\n<li>Terrassenbel\u00e4ge<\/li>\n\n\n\n<li>Vordach<\/li>\n\n\n\n<li>Dachfenster (<a href=\"https:\/\/dachfensterkonfigurator.de\/stufe\/dachfenster-konfiguration\" target=\"_blank\" rel=\"noreferrer noopener\">zum Konfigurator<\/a>)<\/li>\n\n\n\n<li>Gaube<\/li>\n\n\n\n<li>Dacharbeiten aller Art<\/li>\n<\/ul>\n\n\n\n<p><\/p>\n\n\n\n<p>Ihr pers\u00f6nliches Projekt l\u00e4sst sich nicht in die aufgef\u00fchrten Kategorien einordnen?<\/p>\n\n\n\n<p>Sprechen Sie uns gerne an! Wir erarbeiten eine realisierbare L\u00f6sung mit Ihnen.<\/p>\n\n\n\n<p>Individuelle, angepasste und flexible L\u00f6sungen sind f\u00fcr uns selbstverst\u00e4ndlich. <br>Daher unsere Empfehlung: <\/p>\n\n\n\n<div class=\"wp-block-cover\"><span aria-hidden=\"true\" class=\"wp-block-cover__background has-background-dim\"><\/span><img data-recalc-dims=\"1\" loading=\"lazy\" decoding=\"async\" width=\"525\" height=\"623\" class=\"wp-block-cover__image-background wp-image-144\" alt=\"\" src=\"https:\/\/i0.wp.com\/zimmerei-ebert.de\/wp-content\/uploads\/2021\/06\/WhatsApp-Image-2021-06-21-at-17.51.51.jpeg?resize=525%2C623&#038;ssl=1\" data-object-fit=\"cover\"\/><div class=\"wp-block-cover__inner-container is-layout-flow wp-block-cover-is-layout-flow\">\n<p><\/p>\n\n\n\n<p><\/p>\n\n\n\n<p><\/p>\n\n\n\n<p><\/p>\n\n\n\n<p class=\"has-large-font-size\"><strong>Geben Sie sich nicht mit weniger zufrieden.<\/strong><\/p>\n<\/div><\/div>\n\n\n\n<blockquote class=\"wp-block-quote is-layout-flow wp-block-quote-is-layout-flow\">\n<p>Gerne k\u00f6nnen Sie einen unverbindlichen Beratungstermin \u00fcber unser Kontaktformular vereinbaren.<\/p>\n<\/blockquote>\n","protected":false},"excerpt":{"rendered":"<p>Ihr pers\u00f6nliches Projekt l\u00e4sst sich nicht in die aufgef\u00fchrten Kategorien einordnen? Sprechen Sie uns gerne an! Wir erarbeiten eine realisierbare L\u00f6sung mit Ihnen. Individuelle, angepasste und flexible L\u00f6sungen sind f\u00fcr uns selbstverst\u00e4ndlich. Daher unsere Empfehlung: Gerne k\u00f6nnen Sie einen unverbindlichen Beratungstermin \u00fcber unser Kontaktformular vereinbaren.<\/p>\n","protected":false},"author":1,"featured_media":0,"parent":0,"menu_order":0,"comment_status":"closed","ping_status":"closed","template":"","meta":{"footnotes":""},"class_list":["post-75","page","type-page","status-publish","hentry"],"jetpack_sharing_enabled":true,"_links":{"self":[{"href":"https:\/\/zimmerei-ebert.de\/index.php?rest_route=\/wp\/v2\/pages\/75","targetHints":{"allow":["GET"]}}],"collection":[{"href":"https:\/\/zimmerei-ebert.de\/index.php?rest_route=\/wp\/v2\/pages"}],"about":[{"href":"https:\/\/zimmerei-ebert.de\/index.php?rest_route=\/wp\/v2\/types\/page"}],"author":[{"embeddable":true,"href":"https:\/\/zimmerei-ebert.de\/index.php?rest_route=\/wp\/v2\/users\/1"}],"replies":[{"embeddable":true,"href":"https:\/\/zimmerei-ebert.de\/index.php?rest_route=%2Fwp%2Fv2%2Fcomments&post=75"}],"version-history":[{"count":13,"href":"https:\/\/zimmerei-ebert.de\/index.php?rest_route=\/wp\/v2\/pages\/75\/revisions"}],"predecessor-version":[{"id":197,"href":"https:\/\/zimmerei-ebert.de\/index.php?rest_route=\/wp\/v2\/pages\/75\/revisions\/197"}],"wp:attachment":[{"href":"https:\/\/zimmerei-ebert.de\/index.php?rest_route=%2Fwp%2Fv2%2Fmedia&parent=75"}],"curies":[{"name":"wp","href":"https:\/\/api.w.org\/{rel}","templated":true}]}}